{"id":99,"date":"2024-12-20T17:45:44","date_gmt":"2024-12-20T16:45:44","guid":{"rendered":"https:\/\/www.lahunelle.be\/blog\/?page_id=99"},"modified":"2025-11-04T06:10:35","modified_gmt":"2025-11-04T05:10:35","slug":"poiriers","status":"publish","type":"page","link":"https:\/\/www.lahunelle.be\/blog\/catalogue\/poiriers\/","title":{"rendered":"Poirier"},"content":{"rendered":"<p><span style=\"font-size: 24pt; color: #294d73;\"><strong>Poirier<\/strong><\/span><\/p>\n<p>Les poiriers sont vendus en racines nues. Pour les vari\u00e9t\u00e9s RGF-Gblx, un suppl\u00e9ment de 2 \u20ac sera ajout\u00e9 au prix indiqu\u00e9 ci-dessous.<\/p>\n<table style=\"border-collapse: collapse; width: 100%;\">\n<tbody>\n<tr>\n<td style=\"width: 50%;\"><span style=\"font-size: 10pt;\">Basse-tige greff\u00e9 sur Cognassier A<\/span><\/td>\n<td style=\"width: 50%;\"><span style=\"font-size: 10pt;\">18 \u20ac<\/span><\/td>\n<\/tr>\n<tr>\n<td style=\"width: 50%;\"><span style=\"font-size: 10pt;\">Demi-tige greff\u00e9 sur pyrodwarf<\/span><\/td>\n<td style=\"width: 50%;\"><span style=\"font-size: 10pt;\">32 \u20ac<\/span><\/td>\n<\/tr>\n<tr>\n<td style=\"width: 50%;\"><span style=\"font-size: 10pt;\">Haute-tige greff\u00e9 sur franc avec interm\u00e9diaire Pr\u00e9coce Henin<\/span><\/td>\n<td style=\"width: 50%;\"><span style=\"font-size: 10pt;\">46 \u20ac<\/span><\/td>\n<\/tr>\n<tr>\n<td style=\"width: 50%;\"><span style=\"font-size: 10pt;\">Palmette U simple greff\u00e9 sur Cognassier A<\/span><\/td>\n<td style=\"width: 50%;\"><span style=\"font-size: 10pt;\">45 \u20ac<\/span><\/td>\n<\/tr>\n<tr>\n<td style=\"width: 50%;\"><span style=\"font-size: 10pt;\">Palmette oblique 2 \u00e9tages greff\u00e9 sur Cognassier A<\/span><\/td>\n<td style=\"width: 50%;\"><span style=\"font-size: 10pt;\">85 \u20ac<\/span><\/td>\n<\/tr>\n<tr>\n<td style=\"width: 50%;\"><span style=\"font-size: 10pt;\">Palmette Verrier 4 bras greff\u00e9 sur Cognassier A<\/span><\/td>\n<td style=\"width: 50%;\"><span style=\"font-size: 10pt;\">110 \u20ac<\/span><\/td>\n<\/tr>\n<\/tbody>\n<\/table>\n<p><span style=\"text-decoration: underline; font-size: 18pt; color: #208eb1;\"><em><strong>Les vari\u00e9t\u00e9s :<\/strong><\/em><\/span><\/p>\n<p><span style=\"font-size: 14pt; color: #93bb60;\"><strong><a style=\"color: #93bb60;\" href=\"https:\/\/www.lahunelle.be\/blog\/catalogue\/poiriers\/#ananas\">Ananas de Courtrai Trad-RGF<\/a>\u00a0\u00a0 &#8211;\u00a0\u00a0 <a style=\"color: #93bb60;\" href=\"https:\/\/www.lahunelle.be\/blog\/catalogue\/poiriers\/#alexandre\">Beurr\u00e9 Alexandre Lucas Trad-RGF<\/a> \u00a0 &#8211;\u00a0\u00a0\u00a0 <a style=\"color: #93bb60;\" href=\"https:\/\/www.lahunelle.be\/blog\/catalogue\/poiriers\/#chaboceau\">Beurr\u00e9 Chaboceau (Jefkes peer) Trad-RGF<\/a>\u00a0\u00a0 &#8211;\u00a0\u00a0 <a style=\"color: #93bb60;\" href=\"https:\/\/www.lahunelle.be\/blog\/catalogue\/poiriers\/#anjou\">Beurr\u00e9 d&rsquo;Anjou RGF-Gblx<\/a>\u00a0\u00a0 &#8211;\u00a0\u00a0 <a style=\"color: #93bb60;\" href=\"https:\/\/www.lahunelle.be\/blog\/catalogue\/poiriers\/#hardenpont\">Beurr\u00e9 d&rsquo;Hardenpont Trad-RGF<\/a>\u00a0\u00a0 &#8211;\u00a0\u00a0 <a style=\"color: #93bb60;\" href=\"https:\/\/www.lahunelle.be\/blog\/catalogue\/poiriers\/#dilly\">Beurr\u00e9 Dilly RGF-Gblx<\/a>\u00a0\u00a0 &#8211;\u00a0\u00a0 <a style=\"color: #93bb60;\" href=\"https:\/\/www.lahunelle.be\/blog\/catalogue\/poiriers\/#durondeau\">Beurr\u00e9 Durondeau<\/a>\u00a0\u00a0 &#8211;\u00a0\u00a0 <a style=\"color: #93bb60;\" href=\"https:\/\/www.lahunelle.be\/blog\/catalogue\/poiriers\/#lebrun\">Beurr\u00e9 Lebrun Trad-RGF<\/a>\u00a0\u00a0 &#8211;\u00a0\u00a0 <a style=\"color: #93bb60;\" href=\"https:\/\/www.lahunelle.be\/blog\/catalogue\/poiriers\/#superfin\">Beurr\u00e9 Superfin Trad-RGF<\/a>\u00a0\u00a0 &#8211;\u00a0\u00a0 <a style=\"color: #93bb60;\" href=\"https:\/\/www.lahunelle.be\/blog\/catalogue\/poiriers\/#williams\">Bon Chr\u00e9tien Williams Trad-RGF<\/a>\u00a0\u00a0 &#8211;\u00a0\u00a0 <a style=\"color: #93bb60;\" href=\"https:\/\/www.lahunelle.be\/blog\/catalogue\/poiriers\/#enghien\">Bronz\u00e9e d&rsquo;Enghien RGF-Gblx<\/a>\u00a0\u00a0 &#8211;\u00a0\u00a0 <a style=\"color: #93bb60;\" href=\"https:\/\/www.lahunelle.be\/blog\/catalogue\/poiriers\/#calebasse\">Calebasse \u00e0 la Reine Trad-RGF<\/a>\u00a0\u00a0 &#8211;\u00a0\u00a0 <a style=\"color: #93bb60;\" href=\"https:\/\/www.lahunelle.be\/blog\/catalogue\/poiriers\/#comtesse\">Comtesse de Paris Trad-RGF<\/a>\u00a0\u00a0 &#8211;\u00a0\u00a0 <a style=\"color: #93bb60;\" href=\"https:\/\/www.lahunelle.be\/blog\/catalogue\/poiriers\/#conference\">Conf\u00e9rence Trad-RGF<\/a>\u00a0\u00a0 &#8211;\u00a0\u00a0 <a style=\"color: #93bb60;\" href=\"https:\/\/www.lahunelle.be\/blog\/catalogue\/poiriers\/#philippe\">Double Philippe Trad-RGF<\/a>\u00a0\u00a0 &#8211;\u00a0\u00a0 <a style=\"color: #93bb60;\" href=\"https:\/\/www.lahunelle.be\/blog\/catalogue\/poiriers\/#comice\">Doyenn\u00e9e du Comice<\/a>\u00a0\u00a0 &#8211;\u00a0\u00a0 <a style=\"color: #93bb60;\" href=\"https:\/\/www.lahunelle.be\/blog\/catalogue\/poiriers\/#duchesse\">Duchesse d&rsquo;Angoul\u00eame<\/a>\u00a0\u00a0 &#8211;\u00a0\u00a0 <a style=\"color: #93bb60;\" href=\"https:\/\/www.lahunelle.be\/blog\/catalogue\/poiriers\/#josephine\">Jos\u00e9phine de Malines Trad-RGF<\/a> \u00a0 &#8211;\u00a0\u00a0 <a style=\"color: #93bb60;\" href=\"https:\/\/www.lahunelle.be\/blog\/catalogue\/poiriers\/#jules\">Jules d&rsquo;Airoles Trad-RGF<\/a>\u00a0\u00a0 &#8211;\u00a0\u00a0 <a style=\"color: #93bb60;\" href=\"https:\/\/www.lahunelle.be\/blog\/catalogue\/poiriers\/#legipont\">L\u00e9gipont Trad-RGF<\/a>\u00a0\u00a0 &#8211;\u00a0\u00a0 <a style=\"color: #93bb60;\" href=\"https:\/\/www.lahunelle.be\/blog\/catalogue\/poiriers\/#louise\">Louise-Bonne d&rsquo;Avranches Trad-RGF<\/a>\u00a0\u00a0 &#8211;\u00a0\u00a0 <a style=\"color: #93bb60;\" href=\"https:\/\/www.lahunelle.be\/blog\/catalogue\/poiriers\/#gregoire\">Madame Gr\u00e9goire RGF-Gblx<\/a>\u00a0\u00a0 &#8211;\u00a0\u00a0 <a style=\"color: #93bb60;\" href=\"https:\/\/www.lahunelle.be\/blog\/catalogue\/poiriers\/#gros\">Poire de Gros RGF-Gblx<\/a>\u00a0\u00a0 &#8211;\u00a0\u00a0 <a style=\"color: #93bb60;\" href=\"https:\/\/www.lahunelle.be\/blog\/catalogue\/poiriers\/#trevoux\">Pr\u00e9coce de Tr\u00e9voux Trad-RGF<\/a>\u00a0\u00a0 &#8211;\u00a0\u00a0 <a style=\"color: #93bb60;\" href=\"https:\/\/www.lahunelle.be\/blog\/catalogue\/poiriers\/#henin\">Pr\u00e9coce Henin RGF-Gblx<\/a>\u00a0\u00a0 &#8211;\u00a0\u00a0 <a style=\"color: #93bb60;\" href=\"https:\/\/www.lahunelle.be\/blog\/catalogue\/poiriers\/#mathieu\">Saint Mathieu RGF-Gblx<\/a>\u00a0\u00a0 &#8211;\u00a0\u00a0 <a style=\"color: #93bb60;\" href=\"https:\/\/www.lahunelle.be\/blog\/catalogue\/poiriers\/#remy\">Saint-R\u00e9my<\/a>\u00a0\u00a0 &#8211;\u00a0\u00a0 <a style=\"color: #93bb60;\" href=\"https:\/\/www.lahunelle.be\/blog\/catalogue\/poiriers\/#vienne\">Triomphe de Vienne Trad-RGF<\/a><\/strong><\/span><\/p>\n<p>&nbsp;<\/p>\n<p><span style=\"font-size: 14pt;\"><strong><a href=\"https:\/\/www.lahunelle.be\/blog\/wp-content\/uploads\/2024\/12\/ananas_de_courtrai.jpg\"><img loading=\"lazy\" decoding=\"async\" class=\"size-thumbnail wp-image-205 alignleft\" src=\"https:\/\/www.lahunelle.be\/blog\/wp-content\/uploads\/2024\/12\/ananas_de_courtrai-150x150.jpg\" alt=\"\" width=\"150\" height=\"150\" srcset=\"https:\/\/www.lahunelle.be\/blog\/wp-content\/uploads\/2024\/12\/ananas_de_courtrai-150x150.jpg 150w, https:\/\/www.lahunelle.be\/blog\/wp-content\/uploads\/2024\/12\/ananas_de_courtrai-300x300.jpg 300w, https:\/\/www.lahunelle.be\/blog\/wp-content\/uploads\/2024\/12\/ananas_de_courtrai.jpg 600w\" sizes=\"auto, (max-width: 150px) 100vw, 150px\" \/><\/a><a id=\"ananas\"><\/a><\/strong><span style=\"color: #93bb60;\"><strong>Ananas de Courtrai Trad-RGF<\/strong><\/span><\/span><br \/>\nPoire de table d&rsquo;\u00e9t\u00e9, fruit moyen vert-jaune avec joue rouge. Bon pollen. Tr\u00e8s r\u00e9sistant \u00e0 la tavelure.<br \/>\nGroupe de floraison : 3<br \/>\nMaturit\u00e9 : Ao\u00fbt &#8211; Septembre<br \/>\nUsage : Table<\/p>\n<p>&nbsp;<\/p>\n<p><strong><span style=\"font-size: 14pt;\"><a href=\"https:\/\/www.lahunelle.be\/blog\/wp-content\/uploads\/2024\/12\/beurre_alexandre_lucas.jpg\"><img loading=\"lazy\" decoding=\"async\" class=\"wp-image-207 size-thumbnail alignleft\" src=\"https:\/\/www.lahunelle.be\/blog\/wp-content\/uploads\/2024\/12\/beurre_alexandre_lucas-150x150.jpg\" alt=\"\" width=\"150\" height=\"150\" srcset=\"https:\/\/www.lahunelle.be\/blog\/wp-content\/uploads\/2024\/12\/beurre_alexandre_lucas-150x150.jpg 150w, https:\/\/www.lahunelle.be\/blog\/wp-content\/uploads\/2024\/12\/beurre_alexandre_lucas-300x300.jpg 300w, https:\/\/www.lahunelle.be\/blog\/wp-content\/uploads\/2024\/12\/beurre_alexandre_lucas.jpg 600w\" sizes=\"auto, (max-width: 150px) 100vw, 150px\" \/><\/a><\/span><\/strong><\/p>\n<p><a id=\"alexandre\"><\/a><span style=\"font-size: 14pt; color: #93bb60;\"><strong>Beurr\u00e9 Alexandre Lucas Trad-RGF<\/strong><\/span><br \/>\nVieille vari\u00e9t\u00e9 de poire de table d&rsquo;automne et d&rsquo;hiver, gros fruits juteux, acidul\u00e9s-sucr\u00e9s de bonne tenue. Mauvais pollen<br \/>\nGroupe de floraison :<br \/>\nMaturit\u00e9 &#8211; Conservation : Septembre &#8211; D\u00e9cembre<br \/>\nUsage : Table &#8211; Culinaire<\/p>\n<p>&nbsp;<\/p>\n<p><a id=\"chaboceau\"><\/a><span style=\"font-size: 14pt; color: #93bb60;\"><strong>Beurr\u00e9 Chaboceau (Jefkes peer) Trad-RGF<\/strong><\/span><br \/>\nPoire traditionnelle du Brabant.\u00a0Origine\u00a0: ancienne vari\u00e9t\u00e9 belge trouv\u00e9e vers 1850 par un agriculteur pr\u00e9nomm\u00e9 \u2018Jefke\u2019 dans le jardin du notaire Chaboceau \u00e0 Ninove.<br \/>\nPetit fruit vert-brun turbin\u00e9 et rugueux\u00a0; fruit de dessert et \u00e0 cuire, chair fine juteuse et sucr\u00e9e.<br \/>\nCueillette mi-septembre, ne conserve que quelques semaines.<br \/>\nPeu sensible \u00e0 la tavelure.<br \/>\nFloraison\u00a0en moyenne saison, bon pollinisateur.<\/p>\n<p><span style=\"font-size: 14pt;\"><strong><a href=\"https:\/\/www.lahunelle.be\/blog\/wp-content\/uploads\/2024\/12\/nec-plus-meuris.jpg\"><img loading=\"lazy\" decoding=\"async\" class=\"size-thumbnail wp-image-221 alignleft\" src=\"https:\/\/www.lahunelle.be\/blog\/wp-content\/uploads\/2024\/12\/nec-plus-meuris-150x150.jpg\" alt=\"\" width=\"150\" height=\"150\" srcset=\"https:\/\/www.lahunelle.be\/blog\/wp-content\/uploads\/2024\/12\/nec-plus-meuris-150x150.jpg 150w, https:\/\/www.lahunelle.be\/blog\/wp-content\/uploads\/2024\/12\/nec-plus-meuris-300x300.jpg 300w, https:\/\/www.lahunelle.be\/blog\/wp-content\/uploads\/2024\/12\/nec-plus-meuris.jpg 600w\" sizes=\"auto, (max-width: 150px) 100vw, 150px\" \/><\/a><a id=\"anjou\"><\/a><\/strong><span style=\"color: #93bb60;\"><strong>Beurr\u00e9 d&rsquo;Anjou RGF-Gblx (Nec Plus Meuris)<\/strong><\/span><\/span><br \/>\nFruit moyen vert jaune, chair blanc-cr\u00e8me fondante, tr\u00e8s juteuse, sucr\u00e9e et l\u00e9g\u00e8rement acidul\u00e9e<br \/>\nGroupe de floraison : 2<br \/>\nMaturit\u00e9 : Octobre &#8211; Novembre<br \/>\nUsage : Table<\/p>\n<p>&nbsp;<\/p>\n<p><span style=\"font-size: 18pt;\"><strong><a href=\"https:\/\/www.lahunelle.be\/blog\/wp-content\/uploads\/2024\/12\/beurre-hardenpont.jpg\"><img loading=\"lazy\" decoding=\"async\" class=\"size-thumbnail wp-image-237 alignleft\" src=\"https:\/\/www.lahunelle.be\/blog\/wp-content\/uploads\/2024\/12\/beurre-hardenpont-150x150.jpg\" alt=\"\" width=\"150\" height=\"150\" srcset=\"https:\/\/www.lahunelle.be\/blog\/wp-content\/uploads\/2024\/12\/beurre-hardenpont-150x150.jpg 150w, https:\/\/www.lahunelle.be\/blog\/wp-content\/uploads\/2024\/12\/beurre-hardenpont-300x300.jpg 300w, https:\/\/www.lahunelle.be\/blog\/wp-content\/uploads\/2024\/12\/beurre-hardenpont.jpg 600w\" sizes=\"auto, (max-width: 150px) 100vw, 150px\" \/><\/a><a id=\"hardenpont\"><\/a><\/strong><\/span><span style=\"font-size: 14pt; color: #93bb60;\"><strong>Beurr\u00e9 d&rsquo;Hardenpont Trad-RGF<\/strong><\/span><br \/>\nOrigine\u00a0: une des premi\u00e8res vari\u00e9t\u00e9s \u00e0 chair fondante obtenue par le p\u00e8re des obtenteurs de poires, l\u2019Abb\u00e9 Nicolas Hardenpont, en 1759, pr\u00e8s de Mons.<br \/>\nUne des vari\u00e9t\u00e9s fondantes les plus tardives. Qualit\u00e9 gustative remarquable mais variable suivant l\u2019ann\u00e9e et l\u2019endroit. La production peut \u00eatre tr\u00e8s bonne avec parfois des fruits atteints par la tavelure selon les ann\u00e9es.<br \/>\nFloraison\u00a0: Moyenne\/tardive saison, bon pollinisateur.<\/p>\n<p>&nbsp;<\/p>\n<p><span style=\"font-size: 18pt;\"><strong><a href=\"https:\/\/www.lahunelle.be\/blog\/wp-content\/uploads\/2024\/12\/beurre_dilly.png\"><img loading=\"lazy\" decoding=\"async\" class=\"size-thumbnail wp-image-227 alignleft\" src=\"https:\/\/www.lahunelle.be\/blog\/wp-content\/uploads\/2024\/12\/beurre_dilly-150x150.png\" alt=\"\" width=\"150\" height=\"150\" srcset=\"https:\/\/www.lahunelle.be\/blog\/wp-content\/uploads\/2024\/12\/beurre_dilly-150x150.png 150w, https:\/\/www.lahunelle.be\/blog\/wp-content\/uploads\/2024\/12\/beurre_dilly-300x300.png 300w, https:\/\/www.lahunelle.be\/blog\/wp-content\/uploads\/2024\/12\/beurre_dilly.png 600w\" sizes=\"auto, (max-width: 150px) 100vw, 150px\" \/><\/a><a id=\"dilly\"><\/a><\/strong><\/span><span style=\"color: #93bb60; font-size: 14pt;\"><strong>Beurr\u00e9 Dilly RGF-Gblx<\/strong><\/span><br \/>\nFruit assez gros, peau jaune verd\u00e2tre, teint\u00e9 de rouge. Chair blanche, fine, juteuse, bien sucr\u00e9e. Assez tol\u00e9rant \u00e0 la tavelure.<br \/>\nGroupe de floraison : 4<br \/>\nMaturit\u00e9 &#8211; Conservation : Septembre &#8211; Octobre<br \/>\nUsage : Table<\/p>\n<p>&nbsp;<\/p>\n<p><span style=\"font-size: 18pt;\"><strong><a href=\"https:\/\/www.lahunelle.be\/blog\/wp-content\/uploads\/2024\/12\/beurre_durondeau.png\"><img loading=\"lazy\" decoding=\"async\" class=\"size-thumbnail wp-image-228 alignleft\" src=\"https:\/\/www.lahunelle.be\/blog\/wp-content\/uploads\/2024\/12\/beurre_durondeau-150x150.png\" alt=\"\" width=\"150\" height=\"150\" srcset=\"https:\/\/www.lahunelle.be\/blog\/wp-content\/uploads\/2024\/12\/beurre_durondeau-150x150.png 150w, https:\/\/www.lahunelle.be\/blog\/wp-content\/uploads\/2024\/12\/beurre_durondeau-300x300.png 300w, https:\/\/www.lahunelle.be\/blog\/wp-content\/uploads\/2024\/12\/beurre_durondeau.png 600w\" sizes=\"auto, (max-width: 150px) 100vw, 150px\" \/><\/a><a id=\"durondeau\"><\/a><\/strong><\/span><span style=\"font-size: 14pt; color: #93bb60;\"><strong>Beurr\u00e9 Durondeau<\/strong><\/span><br \/>\nPeau rugueuse de couleur bronze. Prend une coloration dor\u00e9e \u00e0 la maturation. Chair blanche au go\u00fbt sucr\u00e9, l\u00e9g\u00e8rement acidul\u00e9<br \/>\nGroupe de floraison : 4<br \/>\nMaturit\u00e9 &#8211; Conservation : Septembre &#8211; Novembre<br \/>\nUsage : Table &#8211; Culinaire<\/p>\n<p>&nbsp;<\/p>\n<p><span style=\"font-size: 18pt;\"><strong><a href=\"https:\/\/www.lahunelle.be\/blog\/wp-content\/uploads\/2024\/12\/beurre_lebrun.jpg\"><img loading=\"lazy\" decoding=\"async\" class=\"size-thumbnail wp-image-208 alignleft\" src=\"https:\/\/www.lahunelle.be\/blog\/wp-content\/uploads\/2024\/12\/beurre_lebrun-150x150.jpg\" alt=\"\" width=\"150\" height=\"150\" srcset=\"https:\/\/www.lahunelle.be\/blog\/wp-content\/uploads\/2024\/12\/beurre_lebrun-150x150.jpg 150w, https:\/\/www.lahunelle.be\/blog\/wp-content\/uploads\/2024\/12\/beurre_lebrun-300x300.jpg 300w, https:\/\/www.lahunelle.be\/blog\/wp-content\/uploads\/2024\/12\/beurre_lebrun.jpg 600w\" sizes=\"auto, (max-width: 150px) 100vw, 150px\" \/><\/a><a id=\"lebrun\"><\/a><\/strong><\/span><span style=\"font-size: 14pt;\"><strong><span style=\"color: #93bb60;\">Beurr\u00e9 Lebrun Trad-RGF<\/span><\/strong><\/span><br \/>\nPoire de table de fin d&rsquo;\u00e9t\u00e9 d\u00e9but d&rsquo;automne, long fruit vert virant au jaune, sucr\u00e9 et musqu\u00e9. Bon Pollen; Tr\u00e8s r\u00e9sistant \u00e0 la tavelure<br \/>\nGroupe de floraison : 3<br \/>\nMaturit\u00e9 : Septembre &#8211; Octobre<br \/>\nUsage : Table<br \/>\n+\/- AUTOFERTILE<\/p>\n<p><strong><span style=\"font-size: 18pt;\"><a href=\"https:\/\/www.lahunelle.be\/blog\/wp-content\/uploads\/2024\/12\/beurre_superfin1.jpg\"><img loading=\"lazy\" decoding=\"async\" class=\"size-thumbnail wp-image-209 alignleft\" src=\"https:\/\/www.lahunelle.be\/blog\/wp-content\/uploads\/2024\/12\/beurre_superfin1-150x150.jpg\" alt=\"\" width=\"150\" height=\"150\" srcset=\"https:\/\/www.lahunelle.be\/blog\/wp-content\/uploads\/2024\/12\/beurre_superfin1-150x150.jpg 150w, https:\/\/www.lahunelle.be\/blog\/wp-content\/uploads\/2024\/12\/beurre_superfin1-300x300.jpg 300w, https:\/\/www.lahunelle.be\/blog\/wp-content\/uploads\/2024\/12\/beurre_superfin1.jpg 600w\" sizes=\"auto, (max-width: 150px) 100vw, 150px\" \/><\/a><a id=\"superfin\"><\/a><\/span><span style=\"font-size: 14pt; color: #93bb60;\">Beurr\u00e9 Superfin Trad-RGF<\/span><\/strong><br \/>\nOrigine\u00a0: fran\u00e7aise, obtenue en 1837 par M. Goubault pr\u00e8s d\u2019Angers.<br \/>\nUne des meilleures poires d\u2019automne, \u00e0 la fois acidul\u00e9e-sucr\u00e9e, juteuse avec une chair tr\u00e8s fine et aromatique.<br \/>\nCueillette mi- septembre, \u00e0 consommer pendant quelques semaines d\u00e8s que les fruits virent du vert au mi-jaune. Veiller \u00e0 entre-cueillir les fruits et les conserver au frais.<br \/>\nSa production reste moyenne \u00e0 bonne.<br \/>\nMoyennement sensible \u00e0 la tavelure mais peut pr\u00e9senter des n\u00e9croses de tavelure sur les branches \u2013 \u00e0 r\u00e9server aux bons endroits.<br \/>\nFloraison\u00a0: Moyenne saison, bon pollinisateur.<\/p>\n<p><span style=\"font-size: 18pt;\"><strong><a href=\"https:\/\/www.lahunelle.be\/blog\/wp-content\/uploads\/2024\/12\/bon_chretien_williams.jpg\"><img loading=\"lazy\" decoding=\"async\" class=\"size-thumbnail wp-image-210 alignleft\" src=\"https:\/\/www.lahunelle.be\/blog\/wp-content\/uploads\/2024\/12\/bon_chretien_williams-150x150.jpg\" alt=\"\" width=\"150\" height=\"150\" srcset=\"https:\/\/www.lahunelle.be\/blog\/wp-content\/uploads\/2024\/12\/bon_chretien_williams-150x150.jpg 150w, https:\/\/www.lahunelle.be\/blog\/wp-content\/uploads\/2024\/12\/bon_chretien_williams-300x300.jpg 300w, https:\/\/www.lahunelle.be\/blog\/wp-content\/uploads\/2024\/12\/bon_chretien_williams.jpg 600w\" sizes=\"auto, (max-width: 150px) 100vw, 150px\" \/><\/a><a id=\"williams\"><\/a><\/strong><\/span><span style=\"font-size: 14pt; color: #93bb60;\"><strong>Bon Chr\u00e9tien Williams Trad-RGF<\/strong><\/span><br \/>\nGros fruit de couleur or \u00e0 maturit\u00e9; Chair fine, fondante, sucr\u00e9e. Bon pollen<br \/>\nGroupe de floraison : 4<br \/>\nMaturit\u00e9 : Ao\u00fbt &#8211; Septembre<br \/>\nUsage : Table &#8211; Culinaire<\/p>\n<p>&nbsp;<\/p>\n<p><span style=\"font-size: 18pt;\"><strong><a href=\"https:\/\/www.lahunelle.be\/blog\/wp-content\/uploads\/2024\/12\/bronzee-enghien.jpg\"><img loading=\"lazy\" decoding=\"async\" class=\"size-thumbnail wp-image-211 alignleft\" src=\"https:\/\/www.lahunelle.be\/blog\/wp-content\/uploads\/2024\/12\/bronzee-enghien-150x150.jpg\" alt=\"\" width=\"150\" height=\"150\" srcset=\"https:\/\/www.lahunelle.be\/blog\/wp-content\/uploads\/2024\/12\/bronzee-enghien-150x150.jpg 150w, https:\/\/www.lahunelle.be\/blog\/wp-content\/uploads\/2024\/12\/bronzee-enghien-300x300.jpg 300w, https:\/\/www.lahunelle.be\/blog\/wp-content\/uploads\/2024\/12\/bronzee-enghien.jpg 600w\" sizes=\"auto, (max-width: 150px) 100vw, 150px\" \/><\/a><a id=\"enghien\"><\/a><\/strong><\/span><span style=\"font-size: 14pt; color: #93bb60;\"><strong>Bronz\u00e9e d&rsquo;Enghien RGF-Gblx<\/strong><\/span><br \/>\nFruit bronz\u00e9, rugueux, calibre moyen, chair mi-grossi\u00e8re, acidul\u00e9e. Tr\u00e8s r\u00e9sistante \u00e0 la tavelure.<br \/>\nGroupe de floraison : 4<br \/>\nMaturit\u00e9 &#8211; Conservation: Octobre &#8211; Janvier<br \/>\nUsage : Table &#8211; Culinaire<\/p>\n<p>&nbsp;<\/p>\n<p><span style=\"font-size: 18pt;\"><strong><a href=\"https:\/\/www.lahunelle.be\/blog\/wp-content\/uploads\/2024\/12\/calebasse-a-la-reine.jpg\"><img loading=\"lazy\" decoding=\"async\" class=\"size-thumbnail wp-image-212 alignleft\" src=\"https:\/\/www.lahunelle.be\/blog\/wp-content\/uploads\/2024\/12\/calebasse-a-la-reine-150x150.jpg\" alt=\"\" width=\"150\" height=\"150\" srcset=\"https:\/\/www.lahunelle.be\/blog\/wp-content\/uploads\/2024\/12\/calebasse-a-la-reine-150x150.jpg 150w, https:\/\/www.lahunelle.be\/blog\/wp-content\/uploads\/2024\/12\/calebasse-a-la-reine-300x300.jpg 300w, https:\/\/www.lahunelle.be\/blog\/wp-content\/uploads\/2024\/12\/calebasse-a-la-reine.jpg 600w\" sizes=\"auto, (max-width: 150px) 100vw, 150px\" \/><\/a><a id=\"calebasse\"><\/a><\/strong><\/span><span style=\"font-size: 14pt; color: #93bb60;\"><strong>Calebasse \u00e0 la Reine Trad-RGF<\/strong><\/span><br \/>\nOrigine\u00a0: obtenue vers 1770 par Monsieur Donat Leclercq, jardinier \u00e0 Tournai.<br \/>\nVari\u00e9t\u00e9 traditionnelle de haute tige, tr\u00e8s fertile.<br \/>\nA manger avant maturit\u00e9 pour le c\u00f4t\u00e9 croquant et rafra\u00eechissant. Les fruits doivent \u00eatre cueillis un peu avant maturit\u00e9 et \u00eatre surveill\u00e9s car ils blettissent facilement \u00e0 partir du c\u0153ur. Moyennement \u00e0 peu sensible \u00e0 la tavelure.<br \/>\nFloraison\u00a0: Moyenne saison, bon pollinisateur.<\/p>\n<p><span style=\"font-size: 18pt;\"><strong><a href=\"https:\/\/www.lahunelle.be\/blog\/wp-content\/uploads\/2024\/12\/comtesse_de_paris.jpg\"><img loading=\"lazy\" decoding=\"async\" class=\"size-thumbnail wp-image-213 alignleft\" src=\"https:\/\/www.lahunelle.be\/blog\/wp-content\/uploads\/2024\/12\/comtesse_de_paris-150x150.jpg\" alt=\"\" width=\"150\" height=\"150\" srcset=\"https:\/\/www.lahunelle.be\/blog\/wp-content\/uploads\/2024\/12\/comtesse_de_paris-150x150.jpg 150w, https:\/\/www.lahunelle.be\/blog\/wp-content\/uploads\/2024\/12\/comtesse_de_paris-300x300.jpg 300w, https:\/\/www.lahunelle.be\/blog\/wp-content\/uploads\/2024\/12\/comtesse_de_paris.jpg 600w\" sizes=\"auto, (max-width: 150px) 100vw, 150px\" \/><\/a><a id=\"comtesse\"><\/a><\/strong><\/span><span style=\"font-size: 14pt; color: #93bb60;\"><strong>Comtesse de Paris Trad-RGF<\/strong><\/span><br \/>\nGros fruit allong\u00e9 vert p\u00e2le avec quelques taches brunes, fruits sucr\u00e9 de qualit\u00e9 moyenne \u00e0 bonne, fruit d&rsquo;hiver. Bon pollen. Arbre assez r\u00e9sistant \u00e0 la tavelure.<br \/>\nGroupe de floraison : 2<br \/>\nMaturit\u00e9 -Conservation : Octobre &#8211; Janvier<br \/>\nUsage : Table<\/p>\n<p><span style=\"font-size: 18pt;\"><strong><a href=\"https:\/\/www.lahunelle.be\/blog\/wp-content\/uploads\/2024\/12\/conference.jpg\"><img loading=\"lazy\" decoding=\"async\" class=\"size-thumbnail wp-image-214 alignleft\" src=\"https:\/\/www.lahunelle.be\/blog\/wp-content\/uploads\/2024\/12\/conference-150x150.jpg\" alt=\"\" width=\"150\" height=\"150\" srcset=\"https:\/\/www.lahunelle.be\/blog\/wp-content\/uploads\/2024\/12\/conference-150x150.jpg 150w, https:\/\/www.lahunelle.be\/blog\/wp-content\/uploads\/2024\/12\/conference-300x300.jpg 300w, https:\/\/www.lahunelle.be\/blog\/wp-content\/uploads\/2024\/12\/conference.jpg 600w\" sizes=\"auto, (max-width: 150px) 100vw, 150px\" \/><\/a><a id=\"conference\"><\/a><\/strong><\/span><span style=\"font-size: 14pt; color: #93bb60;\"><strong>Conf\u00e9rence Trad-RGF<\/strong><\/span><br \/>\nFruit petit et court, aussi large que haut, vert jaune, chair rose, go\u00fbt tr\u00e8s fin. Bon pollen. Vari\u00e9t\u00e9 tr\u00e8s r\u00e9sistante \u00e0 la tavelure, ne pas tailler l&rsquo;extr\u00e9mit\u00e9 des branches fruiti\u00e8res.<br \/>\nGroupe de floraison : 5<br \/>\nMaturit\u00e9 &#8211; Conservation : Octobre &#8211; F\u00e9vrier<br \/>\nUsage : Table &#8211; Culinaire<\/p>\n<p><span style=\"font-size: 18pt;\"><strong><a href=\"https:\/\/www.lahunelle.be\/blog\/wp-content\/uploads\/2024\/12\/double-philippe.jpg\"><img loading=\"lazy\" decoding=\"async\" class=\"size-thumbnail wp-image-215 alignleft\" src=\"https:\/\/www.lahunelle.be\/blog\/wp-content\/uploads\/2024\/12\/double-philippe-150x150.jpg\" alt=\"\" width=\"150\" height=\"150\" srcset=\"https:\/\/www.lahunelle.be\/blog\/wp-content\/uploads\/2024\/12\/double-philippe-150x150.jpg 150w, https:\/\/www.lahunelle.be\/blog\/wp-content\/uploads\/2024\/12\/double-philippe-300x300.jpg 300w, https:\/\/www.lahunelle.be\/blog\/wp-content\/uploads\/2024\/12\/double-philippe.jpg 600w\" sizes=\"auto, (max-width: 150px) 100vw, 150px\" \/><\/a><a id=\"philippe\"><\/a><\/strong><\/span><span style=\"font-size: 14pt; color: #93bb60;\"><strong>Double Philippe Trad-RGF<\/strong><\/span><br \/>\nOrigine\u00a0: Tr\u00e8s ancienne vari\u00e9t\u00e9 de poire de la province d\u2019Anvers. Probablement une vari\u00e9t\u00e9 paysanne trouv\u00e9e et renomm\u00e9e par Van Mons vers 1800 en la d\u00e9diant au Comte de M\u00e9rode.<br \/>\nBonne vari\u00e9t\u00e9 de\u00a0haute tige, d\u2019automne, croquante et acidul\u00e9e, puis devient plus juteuse, \u00e0 entre-cueillir et \u00e0 surveiller de pr\u00e8s car, d\u00e8s que les fruits virent au jaune, ils blettissent tr\u00e8s facilement \u00e0 partir du c\u0153ur.<br \/>\nMoyennement \u00e0 peu sensible \u00e0 la tavelure suivant les endroits.<br \/>\nFloraison\u00a0: pr\u00e9coce, mauvais pollinisateur.<\/p>\n<p><a id=\"comice\"><\/a><span style=\"font-size: 14pt; color: #93bb60;\"><strong>Doyenn\u00e9e du Comice<\/strong><\/span><a href=\"https:\/\/www.lahunelle.be\/blog\/wp-content\/uploads\/2024\/12\/doyenne.png\"><img loading=\"lazy\" decoding=\"async\" class=\"wp-image-229 size-thumbnail alignleft\" src=\"https:\/\/www.lahunelle.be\/blog\/wp-content\/uploads\/2024\/12\/doyenne-150x150.png\" alt=\"\" width=\"150\" height=\"150\" srcset=\"https:\/\/www.lahunelle.be\/blog\/wp-content\/uploads\/2024\/12\/doyenne-150x150.png 150w, https:\/\/www.lahunelle.be\/blog\/wp-content\/uploads\/2024\/12\/doyenne-300x300.png 300w, https:\/\/www.lahunelle.be\/blog\/wp-content\/uploads\/2024\/12\/doyenne.png 600w\" sizes=\"auto, (max-width: 150px) 100vw, 150px\" \/><\/a><br \/>\nGros fruit jaune brun\u00e2tre avec face ros\u00e9e, chair fondante, aromatis\u00e9e et sucr\u00e9e.<br \/>\nGroupe de floraison : 6<br \/>\nMaturit\u00e9 &#8211; Conservation : Octobre &#8211; Novembre<br \/>\nUsage : Table<\/p>\n<p>&nbsp;<\/p>\n<p><a id=\"duchesse\"><\/a><span style=\"font-size: 14pt; color: #93bb60;\"><strong>Duchesse d&rsquo;Angoul\u00eame<\/strong><\/span><a href=\"https:\/\/www.lahunelle.be\/blog\/wp-content\/uploads\/2024\/12\/duchesse_dangouleme.png\"><img loading=\"lazy\" decoding=\"async\" class=\"size-thumbnail wp-image-230 alignleft\" src=\"https:\/\/www.lahunelle.be\/blog\/wp-content\/uploads\/2024\/12\/duchesse_dangouleme-150x150.png\" alt=\"\" width=\"150\" height=\"150\" srcset=\"https:\/\/www.lahunelle.be\/blog\/wp-content\/uploads\/2024\/12\/duchesse_dangouleme-150x150.png 150w, https:\/\/www.lahunelle.be\/blog\/wp-content\/uploads\/2024\/12\/duchesse_dangouleme-300x300.png 300w, https:\/\/www.lahunelle.be\/blog\/wp-content\/uploads\/2024\/12\/duchesse_dangouleme.png 600w\" sizes=\"auto, (max-width: 150px) 100vw, 150px\" \/><\/a><br \/>\nGros fruit presque rond \u00e0 chair blanche, fine et sucr\u00e9e<br \/>\nGroupe de floraison : 3<br \/>\nMaturit\u00e9 : &#8211; Conservation : Octobre &#8211; Novembre<br \/>\nUsage : Table<\/p>\n<p>&nbsp;<\/p>\n<p><a id=\"josephine\"><\/a><span style=\"font-size: 14pt; color: #93bb60;\"><strong>Jos\u00e9phine de Malines Trad-RGF<\/strong><\/span><a href=\"https:\/\/www.lahunelle.be\/blog\/wp-content\/uploads\/2024\/12\/josephine_de_malines.jpg\"><img loading=\"lazy\" decoding=\"async\" class=\"size-thumbnail wp-image-216 alignleft\" src=\"https:\/\/www.lahunelle.be\/blog\/wp-content\/uploads\/2024\/12\/josephine_de_malines-150x150.jpg\" alt=\"\" width=\"150\" height=\"150\" srcset=\"https:\/\/www.lahunelle.be\/blog\/wp-content\/uploads\/2024\/12\/josephine_de_malines-150x150.jpg 150w, https:\/\/www.lahunelle.be\/blog\/wp-content\/uploads\/2024\/12\/josephine_de_malines-300x300.jpg 300w, https:\/\/www.lahunelle.be\/blog\/wp-content\/uploads\/2024\/12\/josephine_de_malines.jpg 600w\" sizes=\"auto, (max-width: 150px) 100vw, 150px\" \/><\/a><br \/>\nFruit petit et court, aussi large que haut, vert jaune, chair rose, go\u00fbt tr\u00e8s fin. Bon pollen. Vari\u00e9t\u00e9 tr\u00e8s r\u00e9sistante \u00e0 la tavelure, ne pas tailler l&rsquo;extr\u00e9mit\u00e9 des branches fruiti\u00e8res.<br \/>\nGroupe de floraison : 5<br \/>\nMaturit\u00e9 &#8211; Conservation : Octobre &#8211; Novembre<br \/>\nUsage : Table &#8211; Culinaire<\/p>\n<p><a id=\"jules\"><\/a><span style=\"font-size: 14pt; color: #93bb60;\"><strong>Jules d&rsquo;Airolles Trad-RGF<\/strong><\/span><a href=\"https:\/\/www.lahunelle.be\/blog\/wp-content\/uploads\/2024\/12\/jules-dairolles-150x150-1.jpg\"><img loading=\"lazy\" decoding=\"async\" class=\"size-thumbnail wp-image-217 alignleft\" src=\"https:\/\/www.lahunelle.be\/blog\/wp-content\/uploads\/2024\/12\/jules-dairolles-150x150-1-150x150.jpg\" alt=\"\" width=\"150\" height=\"150\" srcset=\"https:\/\/www.lahunelle.be\/blog\/wp-content\/uploads\/2024\/12\/jules-dairolles-150x150-1-150x150.jpg 150w, https:\/\/www.lahunelle.be\/blog\/wp-content\/uploads\/2024\/12\/jules-dairolles-150x150-1-300x300.jpg 300w, https:\/\/www.lahunelle.be\/blog\/wp-content\/uploads\/2024\/12\/jules-dairolles-150x150-1.jpg 600w\" sizes=\"auto, (max-width: 150px) 100vw, 150px\" \/><\/a><br \/>\nOrigine fran\u00e7aise.<br \/>\nTr\u00e8s bonne vari\u00e9t\u00e9 de conservation. Les fruits sont parfois fort petits. Demande un \u00e9claircissage s\u00e9v\u00e8re car fort d\u00e9veloppement de petits bois. Mais les brindilles courtes doivent \u00eatre conserv\u00e9es car elles portent les fruits.<br \/>\nMoyennement sensible \u00e0 la tavelure.<br \/>\nCueillette\u00a0vers la mi-octobre, doivent se conserver en cave et se d\u00e9guster \u00e0 partir de fin novembre-d\u00e9cembre. Pr\u00e9f\u00e9rence pour des sols lourds ; en terrain l\u00e9ger et sec les fruits tombent facilement.<br \/>\nFloraison\u00a0: Moyenne\/tardive saison, bon pollinisateur<\/p>\n<p><strong><span style=\"font-size: 18pt;\"><a href=\"https:\/\/www.lahunelle.be\/blog\/wp-content\/uploads\/2024\/12\/legipont.jpg\"><img loading=\"lazy\" decoding=\"async\" class=\"size-thumbnail wp-image-218 alignleft\" src=\"https:\/\/www.lahunelle.be\/blog\/wp-content\/uploads\/2024\/12\/legipont-150x150.jpg\" alt=\"\" width=\"150\" height=\"150\" srcset=\"https:\/\/www.lahunelle.be\/blog\/wp-content\/uploads\/2024\/12\/legipont-150x150.jpg 150w, https:\/\/www.lahunelle.be\/blog\/wp-content\/uploads\/2024\/12\/legipont-300x300.jpg 300w, https:\/\/www.lahunelle.be\/blog\/wp-content\/uploads\/2024\/12\/legipont.jpg 600w\" sizes=\"auto, (max-width: 150px) 100vw, 150px\" \/><\/a><a id=\"legipont\"><\/a><\/span><span style=\"font-size: 14pt; color: #93bb60;\">L\u00e9gipont Trad-RGF<\/span><\/strong><br \/>\nFruit vert jaun\u00e2tre, chair fine, fondante et parfum\u00e9e. Bon pollen<br \/>\nGroupe de floraison: 4<br \/>\nMaturit\u00e9 &#8211; Conservation : Septembre &#8211; Novembre<br \/>\nUsage : Table &#8211; Culinaire<\/p>\n<p>&nbsp;<\/p>\n<p><span style=\"font-size: 18pt;\"><strong><a href=\"https:\/\/www.lahunelle.be\/blog\/wp-content\/uploads\/2024\/12\/louise_bonne_davranches.jpg\"><img loading=\"lazy\" decoding=\"async\" class=\"size-thumbnail wp-image-219 alignleft\" src=\"https:\/\/www.lahunelle.be\/blog\/wp-content\/uploads\/2024\/12\/louise_bonne_davranches-150x150.jpg\" alt=\"\" width=\"150\" height=\"150\" srcset=\"https:\/\/www.lahunelle.be\/blog\/wp-content\/uploads\/2024\/12\/louise_bonne_davranches-150x150.jpg 150w, https:\/\/www.lahunelle.be\/blog\/wp-content\/uploads\/2024\/12\/louise_bonne_davranches-300x300.jpg 300w, https:\/\/www.lahunelle.be\/blog\/wp-content\/uploads\/2024\/12\/louise_bonne_davranches.jpg 600w\" sizes=\"auto, (max-width: 150px) 100vw, 150px\" \/><\/a><a id=\"louise\"><\/a><\/strong><\/span><span style=\"font-size: 14pt; color: #93bb60;\"><strong>Louise-Bonne d&rsquo;Avranches Trad-RGF<\/strong><\/span><br \/>\nFruit moyen \u00e0 petit, brun sur vert, chair sucr\u00e9e l\u00e9g\u00e8rement acidul\u00e9e<br \/>\nGroupe de floraison : 2<br \/>\nMaturit\u00e9 : Septembre &#8211; Octobre<br \/>\nUsage : Table<br \/>\n+\/- AUTOFERTILE<\/p>\n<p><strong><span style=\"font-size: 18pt;\"><a href=\"https:\/\/www.lahunelle.be\/blog\/wp-content\/uploads\/2024\/12\/madame_gregoire.jpg\"><img loading=\"lazy\" decoding=\"async\" class=\"wp-image-220 size-thumbnail alignleft\" src=\"https:\/\/www.lahunelle.be\/blog\/wp-content\/uploads\/2024\/12\/madame_gregoire-150x150.jpg\" alt=\"\" width=\"150\" height=\"150\" srcset=\"https:\/\/www.lahunelle.be\/blog\/wp-content\/uploads\/2024\/12\/madame_gregoire-150x150.jpg 150w, https:\/\/www.lahunelle.be\/blog\/wp-content\/uploads\/2024\/12\/madame_gregoire-300x300.jpg 300w, https:\/\/www.lahunelle.be\/blog\/wp-content\/uploads\/2024\/12\/madame_gregoire.jpg 600w\" sizes=\"auto, (max-width: 150px) 100vw, 150px\" \/><\/a><a id=\"gregoire\"><\/a><\/span><span style=\"font-size: 14pt; color: #93bb60;\">Madame Gr\u00e9goire RGF-Gblx<\/span><\/strong><br \/>\nBon calibre, fruit vert devenant jaune avec joue rose, Chair blanche, fondante et tr\u00e8s juteuse, sucr\u00e9e et acidul\u00e9e<br \/>\nGroupe de floraison : 3<br \/>\nMaturit\u00e9 &#8211; Conservation : Octobre &#8211; D\u00e9cembre<br \/>\nUsage : Table<\/p>\n<p>&nbsp;<\/p>\n<p><span style=\"font-size: 18pt;\"><strong><a href=\"https:\/\/www.lahunelle.be\/blog\/wp-content\/uploads\/2024\/12\/poire-de-gros.jpg\"><img loading=\"lazy\" decoding=\"async\" class=\"size-thumbnail wp-image-222 alignleft\" src=\"https:\/\/www.lahunelle.be\/blog\/wp-content\/uploads\/2024\/12\/poire-de-gros-150x150.jpg\" alt=\"\" width=\"150\" height=\"150\" srcset=\"https:\/\/www.lahunelle.be\/blog\/wp-content\/uploads\/2024\/12\/poire-de-gros-150x150.jpg 150w, https:\/\/www.lahunelle.be\/blog\/wp-content\/uploads\/2024\/12\/poire-de-gros-300x300.jpg 300w, https:\/\/www.lahunelle.be\/blog\/wp-content\/uploads\/2024\/12\/poire-de-gros.jpg 600w\" sizes=\"auto, (max-width: 150px) 100vw, 150px\" \/><\/a><a id=\"gros\"><\/a><\/strong><\/span><span style=\"font-size: 14pt; color: #93bb60;\"><strong>Poire de Gros RGF-Gblx<\/strong><\/span><br \/>\nVari\u00e9t\u00e9 de pays et d\u2019origine paysanne, trouv\u00e9e uniquement en haute tige dans les villages de Beuzet, Saint-Denis et Meux (Province de Namur). Fruits de formes variant de tr\u00e8s \u2018ventru\u2019 \u00e0 aplati, vert recouvert presque enti\u00e8rement de rugosit\u00e9 beige brune, calibres moyens \u00e0 gros (160 \u00e0 200 g). Chair jaun\u00e2tre, qui brunit assez vite, mi- grossi\u00e8re, pierreuse au coeur, acidul\u00e9e sucr\u00e9e, peut \u00eatre astringente, sp\u00e9cialement destin\u00e9e \u00e0 la cuisson (Four ou \u00e0 l\u2019eau) o\u00f9 elle exprime des qualit\u00e9s exceptionnelles en termes d\u2019ar\u00f4mes subtils, servait \u00e0 la fabrication du sirop appel\u00e9 \u00ab poiret \u00bb.<br \/>\nCueillette \u00e0 d\u00e9buter vers mi-septembre sur fond encore vert, se conserve quelques semaines, les fruits blettissent du coeur.<br \/>\nArbre tr\u00e8s rustique et robuste, de bonne croissance, au feuillage tr\u00e8s sain, port \u00e9tal\u00e9 \u00e0 ouvert ; fertile mais peut \u00eatre alternant ; vari\u00e9t\u00e9 essentiellement de haute tige \u2013 ou n\u00e9cessit\u00e9 d\u2019un entre-greffe si greff\u00e9 sur cognassier.<br \/>\nSensibilit\u00e9 aux maladies\u00a0: extr\u00eamement peu sensible \u00e0 la tavelure sur fruits, feuilles et rameaux, tr\u00e8s sensible \u00e0 la rouille. Floraison en saison pr\u00e9coce \u00e0 moyenne (3-4)<\/p>\n<p><span style=\"font-size: 18pt;\"><strong><a href=\"https:\/\/www.lahunelle.be\/blog\/wp-content\/uploads\/2024\/12\/precoce_de_trevoux.jpg\"><img loading=\"lazy\" decoding=\"async\" class=\"size-thumbnail wp-image-223 alignleft\" src=\"https:\/\/www.lahunelle.be\/blog\/wp-content\/uploads\/2024\/12\/precoce_de_trevoux-150x150.jpg\" alt=\"\" width=\"150\" height=\"150\" srcset=\"https:\/\/www.lahunelle.be\/blog\/wp-content\/uploads\/2024\/12\/precoce_de_trevoux-150x150.jpg 150w, https:\/\/www.lahunelle.be\/blog\/wp-content\/uploads\/2024\/12\/precoce_de_trevoux-300x300.jpg 300w, https:\/\/www.lahunelle.be\/blog\/wp-content\/uploads\/2024\/12\/precoce_de_trevoux.jpg 600w\" sizes=\"auto, (max-width: 150px) 100vw, 150px\" \/><\/a><a id=\"trevoux\"><\/a><\/strong><\/span><span style=\"font-size: 14pt; color: #93bb60;\"><strong>Pr\u00e9coce de Tr\u00e9voux Trad-RGF<\/strong><\/span><br \/>\nFruit moyen, brun jaun\u00e2tre, chair fine, juteuse, tendre, blanche et fondante.<br \/>\nGroupe de floraison : 2<br \/>\nMaturit\u00e9 : Ao\u00fbt<br \/>\nUsage : TAble<br \/>\n+\/- AUTOFERTILE<\/p>\n<p><strong><span style=\"font-size: 18pt;\"><a href=\"https:\/\/www.lahunelle.be\/blog\/wp-content\/uploads\/2024\/12\/precoce-henin.jpg\"><img loading=\"lazy\" decoding=\"async\" class=\"size-thumbnail wp-image-224 alignleft\" src=\"https:\/\/www.lahunelle.be\/blog\/wp-content\/uploads\/2024\/12\/precoce-henin-150x150.jpg\" alt=\"\" width=\"150\" height=\"150\" srcset=\"https:\/\/www.lahunelle.be\/blog\/wp-content\/uploads\/2024\/12\/precoce-henin-150x150.jpg 150w, https:\/\/www.lahunelle.be\/blog\/wp-content\/uploads\/2024\/12\/precoce-henin-300x300.jpg 300w, https:\/\/www.lahunelle.be\/blog\/wp-content\/uploads\/2024\/12\/precoce-henin.jpg 600w\" sizes=\"auto, (max-width: 150px) 100vw, 150px\" \/><\/a><a id=\"henin\"><\/a><\/span><span style=\"font-size: 14pt; color: #93bb60;\">Pr\u00e9coce Henin RGF-Gblx<\/span><\/strong><br \/>\nFruits de calibre moyen \u00e0 petit, fond vert-jaune,belle joue lav\u00e9e d\u2019orang\u00e9, chair fondante, mi-fine, tr\u00e8s sucr\u00e9e, l\u00e9g\u00e8rement acidul\u00e9e, tr\u00e8s juteuse<br \/>\nGroupe de floraison : 3<br \/>\nMaturit\u00e9 : Ao\u00fbt<br \/>\nUsage : Table<\/p>\n<p><span style=\"font-size: 18pt;\"><strong><a href=\"https:\/\/www.lahunelle.be\/blog\/wp-content\/uploads\/2024\/12\/saint-mathieu.jpg\"><img loading=\"lazy\" decoding=\"async\" class=\"size-thumbnail wp-image-225 alignleft\" src=\"https:\/\/www.lahunelle.be\/blog\/wp-content\/uploads\/2024\/12\/saint-mathieu-150x150.jpg\" alt=\"\" width=\"150\" height=\"150\" srcset=\"https:\/\/www.lahunelle.be\/blog\/wp-content\/uploads\/2024\/12\/saint-mathieu-150x150.jpg 150w, https:\/\/www.lahunelle.be\/blog\/wp-content\/uploads\/2024\/12\/saint-mathieu-300x300.jpg 300w, https:\/\/www.lahunelle.be\/blog\/wp-content\/uploads\/2024\/12\/saint-mathieu.jpg 600w\" sizes=\"auto, (max-width: 150px) 100vw, 150px\" \/><\/a><a id=\"mathieu\"><\/a><\/strong><\/span><span style=\"font-size: 14pt; color: #93bb60;\"><strong>Saint Mathieu RGF-Gblx<\/strong><\/span><br \/>\nFruit de bon calibre,joue color\u00e9e d\u2019un beau rouge carmin sur fond vert p\u00e2le, parsem\u00e9e de grandes lenticelles claires, \u00e9piderme mi-rugueux et relativement \u00e9pais. Chair grossi\u00e8re, croquante, granuleuse au c\u0153ur, l\u00e9g\u00e8rement aromatique et tannique; poire \u00e0 cuire par excellence et particuli\u00e8rement savoureuse cuite au four mais \u00e9galement adapt\u00e9e pour compote, tarte et au vinaigre<br \/>\nGroupe de floraison : 5<br \/>\nMaturit\u00e9 &#8211; Conservation : Septembre &#8211; D\u00e9cembre<br \/>\nUsage : Culinaire<\/p>\n<p><span style=\"font-size: 18pt;\"><strong><a href=\"https:\/\/www.lahunelle.be\/blog\/wp-content\/uploads\/2024\/12\/saint_remy_2.png\"><img loading=\"lazy\" decoding=\"async\" class=\"size-thumbnail wp-image-231 alignleft\" src=\"https:\/\/www.lahunelle.be\/blog\/wp-content\/uploads\/2024\/12\/saint_remy_2-150x150.png\" alt=\"\" width=\"150\" height=\"150\" srcset=\"https:\/\/www.lahunelle.be\/blog\/wp-content\/uploads\/2024\/12\/saint_remy_2-150x150.png 150w, https:\/\/www.lahunelle.be\/blog\/wp-content\/uploads\/2024\/12\/saint_remy_2-300x300.png 300w, https:\/\/www.lahunelle.be\/blog\/wp-content\/uploads\/2024\/12\/saint_remy_2.png 600w\" sizes=\"auto, (max-width: 150px) 100vw, 150px\" \/><\/a><a id=\"remy\"><\/a><\/strong><\/span><span style=\"font-size: 14pt; color: #93bb60;\"><strong>Saint-R\u00e9my<\/strong><\/span><br \/>\nTr\u00e8s gros fruit vert-jaun\u00e2tre, stri\u00e9 de rouge-brun, meilleure poire \u00e0 cuire<br \/>\nGroupe de floraison : 4<br \/>\nMaturit\u00e9 &#8211; Conservation : Octobre &#8211; Mars<br \/>\nUsage : Cuisine<\/p>\n<p>&nbsp;<\/p>\n<p><strong><span style=\"font-size: 18pt;\"><a href=\"https:\/\/www.lahunelle.be\/blog\/wp-content\/uploads\/2024\/12\/triomphe_de_vienne.jpg\"><img loading=\"lazy\" decoding=\"async\" class=\"size-thumbnail wp-image-226 alignleft\" src=\"https:\/\/www.lahunelle.be\/blog\/wp-content\/uploads\/2024\/12\/triomphe_de_vienne-150x150.jpg\" alt=\"\" width=\"150\" height=\"150\" srcset=\"https:\/\/www.lahunelle.be\/blog\/wp-content\/uploads\/2024\/12\/triomphe_de_vienne-150x150.jpg 150w, https:\/\/www.lahunelle.be\/blog\/wp-content\/uploads\/2024\/12\/triomphe_de_vienne-300x300.jpg 300w, https:\/\/www.lahunelle.be\/blog\/wp-content\/uploads\/2024\/12\/triomphe_de_vienne.jpg 600w\" sizes=\"auto, (max-width: 150px) 100vw, 150px\" \/><\/a><a id=\"vienne\"><\/a><\/span><span style=\"font-size: 14pt; color: #93bb60;\">Triomphe de Vienne Trad-RGF<\/span><\/strong><br \/>\nTr\u00e8s gros fruit jaun\u00e2tre, pointill\u00e9 de roux, tr\u00e8s juteux et sucr\u00e9, fruit de d\u00e9but d&rsquo;automne. Bon pollen. Arbre peu sensible \u00e0 la tavelure.<br \/>\nGroupe de floraison : 4<br \/>\nMaturit\u00e9: Septembre<br \/>\nUsage : Table<\/p>\n","protected":false},"excerpt":{"rendered":"<p>Poirier Les poiriers sont vendus en racines nues. Pour les vari\u00e9t\u00e9s RGF-Gblx, un suppl\u00e9ment de 2 \u20ac sera ajout\u00e9 au prix indiqu\u00e9 ci-dessous. Basse-tige greff\u00e9 sur Cognassier A 18 \u20ac Demi-tige greff\u00e9 sur pyrodwarf 32 \u20ac Haute-tige greff\u00e9 sur franc avec interm\u00e9diaire Pr\u00e9coce Henin 46 \u20ac Palmette U simple greff\u00e9 [&hellip;]<\/p>\n","protected":false},"author":2,"featured_media":0,"parent":64,"menu_order":0,"comment_status":"closed","ping_status":"closed","template":"","meta":{"cybocfi_hide_featured_image":"","footnotes":""},"class_list":["post-99","page","type-page","status-publish","hentry"],"yoast_head":"<!-- This site is optimized with the Yoast SEO plugin v27.5 - https:\/\/yoast.com\/product\/yoast-seo-wordpress\/ -->\n<title>Poirier -<\/title>\n<meta name=\"robots\" content=\"index, follow, max-snippet:-1, max-image-preview:large, max-video-preview:-1\" \/>\n<link rel=\"canonical\" href=\"https:\/\/www.lahunelle.be\/blog\/catalogue\/poiriers\/\" \/>\n<meta property=\"og:locale\" content=\"fr_FR\" \/>\n<meta property=\"og:type\" content=\"article\" \/>\n<meta property=\"og:title\" content=\"Poirier -\" \/>\n<meta property=\"og:description\" content=\"Poirier Les poiriers sont vendus en racines nues. Pour les vari\u00e9t\u00e9s RGF-Gblx, un suppl\u00e9ment de 2 \u20ac sera ajout\u00e9 au prix indiqu\u00e9 ci-dessous. Basse-tige greff\u00e9 sur Cognassier A 18 \u20ac Demi-tige greff\u00e9 sur pyrodwarf 32 \u20ac Haute-tige greff\u00e9 sur franc avec interm\u00e9diaire Pr\u00e9coce Henin 46 \u20ac Palmette U simple greff\u00e9 [&hellip;]\" \/>\n<meta property=\"og:url\" content=\"https:\/\/www.lahunelle.be\/blog\/catalogue\/poiriers\/\" \/>\n<meta property=\"article:publisher\" content=\"https:\/\/www.facebook.com\/pepinieresdelahunelle\" \/>\n<meta property=\"article:modified_time\" content=\"2025-11-04T05:10:35+00:00\" \/>\n<meta property=\"og:image\" content=\"https:\/\/www.lahunelle.be\/blog\/wp-content\/uploads\/2024\/12\/ananas_de_courtrai.jpg\" \/>\n\t<meta property=\"og:image:width\" content=\"600\" \/>\n\t<meta property=\"og:image:height\" content=\"600\" \/>\n\t<meta property=\"og:image:type\" content=\"image\/jpeg\" \/>\n<meta name=\"twitter:card\" content=\"summary_large_image\" \/>\n<meta name=\"twitter:label1\" content=\"Dur\u00e9e de lecture estim\u00e9e\" \/>\n\t<meta name=\"twitter:data1\" content=\"13 minutes\" \/>\n<script type=\"application\/ld+json\" class=\"yoast-schema-graph\">{\"@context\":\"https:\\\/\\\/schema.org\",\"@graph\":[{\"@type\":\"WebPage\",\"@id\":\"https:\\\/\\\/www.lahunelle.be\\\/blog\\\/catalogue\\\/poiriers\\\/\",\"url\":\"https:\\\/\\\/www.lahunelle.be\\\/blog\\\/catalogue\\\/poiriers\\\/\",\"name\":\"Poirier -\",\"isPartOf\":{\"@id\":\"https:\\\/\\\/www.lahunelle.be\\\/blog\\\/#website\"},\"primaryImageOfPage\":{\"@id\":\"https:\\\/\\\/www.lahunelle.be\\\/blog\\\/catalogue\\\/poiriers\\\/#primaryimage\"},\"image\":{\"@id\":\"https:\\\/\\\/www.lahunelle.be\\\/blog\\\/catalogue\\\/poiriers\\\/#primaryimage\"},\"thumbnailUrl\":\"https:\\\/\\\/www.lahunelle.be\\\/blog\\\/wp-content\\\/uploads\\\/2024\\\/12\\\/ananas_de_courtrai-150x150.jpg\",\"datePublished\":\"2024-12-20T16:45:44+00:00\",\"dateModified\":\"2025-11-04T05:10:35+00:00\",\"breadcrumb\":{\"@id\":\"https:\\\/\\\/www.lahunelle.be\\\/blog\\\/catalogue\\\/poiriers\\\/#breadcrumb\"},\"inLanguage\":\"fr-FR\",\"potentialAction\":[{\"@type\":\"ReadAction\",\"target\":[\"https:\\\/\\\/www.lahunelle.be\\\/blog\\\/catalogue\\\/poiriers\\\/\"]}]},{\"@type\":\"ImageObject\",\"inLanguage\":\"fr-FR\",\"@id\":\"https:\\\/\\\/www.lahunelle.be\\\/blog\\\/catalogue\\\/poiriers\\\/#primaryimage\",\"url\":\"https:\\\/\\\/www.lahunelle.be\\\/blog\\\/wp-content\\\/uploads\\\/2024\\\/12\\\/ananas_de_courtrai.jpg\",\"contentUrl\":\"https:\\\/\\\/www.lahunelle.be\\\/blog\\\/wp-content\\\/uploads\\\/2024\\\/12\\\/ananas_de_courtrai.jpg\",\"width\":600,\"height\":600},{\"@type\":\"BreadcrumbList\",\"@id\":\"https:\\\/\\\/www.lahunelle.be\\\/blog\\\/catalogue\\\/poiriers\\\/#breadcrumb\",\"itemListElement\":[{\"@type\":\"ListItem\",\"position\":1,\"name\":\"Accueil\",\"item\":\"https:\\\/\\\/www.lahunelle.be\\\/blog\\\/\"},{\"@type\":\"ListItem\",\"position\":2,\"name\":\"Notre boutique\",\"item\":\"https:\\\/\\\/www.lahunelle.be\\\/blog\\\/catalogue\\\/\"},{\"@type\":\"ListItem\",\"position\":3,\"name\":\"Poirier\"}]},{\"@type\":\"WebSite\",\"@id\":\"https:\\\/\\\/www.lahunelle.be\\\/blog\\\/#website\",\"url\":\"https:\\\/\\\/www.lahunelle.be\\\/blog\\\/\",\"name\":\"P\u00e9pini\u00e8res de la Hunelle\",\"description\":\"\",\"publisher\":{\"@id\":\"https:\\\/\\\/www.lahunelle.be\\\/blog\\\/#organization\"},\"potentialAction\":[{\"@type\":\"SearchAction\",\"target\":{\"@type\":\"EntryPoint\",\"urlTemplate\":\"https:\\\/\\\/www.lahunelle.be\\\/blog\\\/?s={search_term_string}\"},\"query-input\":{\"@type\":\"PropertyValueSpecification\",\"valueRequired\":true,\"valueName\":\"search_term_string\"}}],\"inLanguage\":\"fr-FR\"},{\"@type\":\"Organization\",\"@id\":\"https:\\\/\\\/www.lahunelle.be\\\/blog\\\/#organization\",\"name\":\"P\u00e9pini\u00e8res de la Hunelle\",\"url\":\"https:\\\/\\\/www.lahunelle.be\\\/blog\\\/\",\"logo\":{\"@type\":\"ImageObject\",\"inLanguage\":\"fr-FR\",\"@id\":\"https:\\\/\\\/www.lahunelle.be\\\/blog\\\/#\\\/schema\\\/logo\\\/image\\\/\",\"url\":\"https:\\\/\\\/www.lahunelle.be\\\/blog\\\/wp-content\\\/uploads\\\/2025\\\/07\\\/cropped-301136954_474459848024201_7287258234809584263_n.jpg\",\"contentUrl\":\"https:\\\/\\\/www.lahunelle.be\\\/blog\\\/wp-content\\\/uploads\\\/2025\\\/07\\\/cropped-301136954_474459848024201_7287258234809584263_n.jpg\",\"width\":617,\"height\":621,\"caption\":\"P\u00e9pini\u00e8res de la Hunelle\"},\"image\":{\"@id\":\"https:\\\/\\\/www.lahunelle.be\\\/blog\\\/#\\\/schema\\\/logo\\\/image\\\/\"},\"sameAs\":[\"https:\\\/\\\/www.facebook.com\\\/pepinieresdelahunelle\",\"https:\\\/\\\/www.instagram.com\\\/pepinieresdelahunelle\\\/\"]}]}<\/script>\n<!-- \/ Yoast SEO plugin. -->","yoast_head_json":{"title":"Poirier -","robots":{"index":"index","follow":"follow","max-snippet":"max-snippet:-1","max-image-preview":"max-image-preview:large","max-video-preview":"max-video-preview:-1"},"canonical":"https:\/\/www.lahunelle.be\/blog\/catalogue\/poiriers\/","og_locale":"fr_FR","og_type":"article","og_title":"Poirier -","og_description":"Poirier Les poiriers sont vendus en racines nues. Pour les vari\u00e9t\u00e9s RGF-Gblx, un suppl\u00e9ment de 2 \u20ac sera ajout\u00e9 au prix indiqu\u00e9 ci-dessous. Basse-tige greff\u00e9 sur Cognassier A 18 \u20ac Demi-tige greff\u00e9 sur pyrodwarf 32 \u20ac Haute-tige greff\u00e9 sur franc avec interm\u00e9diaire Pr\u00e9coce Henin 46 \u20ac Palmette U simple greff\u00e9 [&hellip;]","og_url":"https:\/\/www.lahunelle.be\/blog\/catalogue\/poiriers\/","article_publisher":"https:\/\/www.facebook.com\/pepinieresdelahunelle","article_modified_time":"2025-11-04T05:10:35+00:00","og_image":[{"width":600,"height":600,"url":"https:\/\/www.lahunelle.be\/blog\/wp-content\/uploads\/2024\/12\/ananas_de_courtrai.jpg","type":"image\/jpeg"}],"twitter_card":"summary_large_image","twitter_misc":{"Dur\u00e9e de lecture estim\u00e9e":"13 minutes"},"schema":{"@context":"https:\/\/schema.org","@graph":[{"@type":"WebPage","@id":"https:\/\/www.lahunelle.be\/blog\/catalogue\/poiriers\/","url":"https:\/\/www.lahunelle.be\/blog\/catalogue\/poiriers\/","name":"Poirier -","isPartOf":{"@id":"https:\/\/www.lahunelle.be\/blog\/#website"},"primaryImageOfPage":{"@id":"https:\/\/www.lahunelle.be\/blog\/catalogue\/poiriers\/#primaryimage"},"image":{"@id":"https:\/\/www.lahunelle.be\/blog\/catalogue\/poiriers\/#primaryimage"},"thumbnailUrl":"https:\/\/www.lahunelle.be\/blog\/wp-content\/uploads\/2024\/12\/ananas_de_courtrai-150x150.jpg","datePublished":"2024-12-20T16:45:44+00:00","dateModified":"2025-11-04T05:10:35+00:00","breadcrumb":{"@id":"https:\/\/www.lahunelle.be\/blog\/catalogue\/poiriers\/#breadcrumb"},"inLanguage":"fr-FR","potentialAction":[{"@type":"ReadAction","target":["https:\/\/www.lahunelle.be\/blog\/catalogue\/poiriers\/"]}]},{"@type":"ImageObject","inLanguage":"fr-FR","@id":"https:\/\/www.lahunelle.be\/blog\/catalogue\/poiriers\/#primaryimage","url":"https:\/\/www.lahunelle.be\/blog\/wp-content\/uploads\/2024\/12\/ananas_de_courtrai.jpg","contentUrl":"https:\/\/www.lahunelle.be\/blog\/wp-content\/uploads\/2024\/12\/ananas_de_courtrai.jpg","width":600,"height":600},{"@type":"BreadcrumbList","@id":"https:\/\/www.lahunelle.be\/blog\/catalogue\/poiriers\/#breadcrumb","itemListElement":[{"@type":"ListItem","position":1,"name":"Accueil","item":"https:\/\/www.lahunelle.be\/blog\/"},{"@type":"ListItem","position":2,"name":"Notre boutique","item":"https:\/\/www.lahunelle.be\/blog\/catalogue\/"},{"@type":"ListItem","position":3,"name":"Poirier"}]},{"@type":"WebSite","@id":"https:\/\/www.lahunelle.be\/blog\/#website","url":"https:\/\/www.lahunelle.be\/blog\/","name":"P\u00e9pini\u00e8res de la Hunelle","description":"","publisher":{"@id":"https:\/\/www.lahunelle.be\/blog\/#organization"},"potentialAction":[{"@type":"SearchAction","target":{"@type":"EntryPoint","urlTemplate":"https:\/\/www.lahunelle.be\/blog\/?s={search_term_string}"},"query-input":{"@type":"PropertyValueSpecification","valueRequired":true,"valueName":"search_term_string"}}],"inLanguage":"fr-FR"},{"@type":"Organization","@id":"https:\/\/www.lahunelle.be\/blog\/#organization","name":"P\u00e9pini\u00e8res de la Hunelle","url":"https:\/\/www.lahunelle.be\/blog\/","logo":{"@type":"ImageObject","inLanguage":"fr-FR","@id":"https:\/\/www.lahunelle.be\/blog\/#\/schema\/logo\/image\/","url":"https:\/\/www.lahunelle.be\/blog\/wp-content\/uploads\/2025\/07\/cropped-301136954_474459848024201_7287258234809584263_n.jpg","contentUrl":"https:\/\/www.lahunelle.be\/blog\/wp-content\/uploads\/2025\/07\/cropped-301136954_474459848024201_7287258234809584263_n.jpg","width":617,"height":621,"caption":"P\u00e9pini\u00e8res de la Hunelle"},"image":{"@id":"https:\/\/www.lahunelle.be\/blog\/#\/schema\/logo\/image\/"},"sameAs":["https:\/\/www.facebook.com\/pepinieresdelahunelle","https:\/\/www.instagram.com\/pepinieresdelahunelle\/"]}]}},"_links":{"self":[{"href":"https:\/\/www.lahunelle.be\/blog\/wp-json\/wp\/v2\/pages\/99","targetHints":{"allow":["GET"]}}],"collection":[{"href":"https:\/\/www.lahunelle.be\/blog\/wp-json\/wp\/v2\/pages"}],"about":[{"href":"https:\/\/www.lahunelle.be\/blog\/wp-json\/wp\/v2\/types\/page"}],"author":[{"embeddable":true,"href":"https:\/\/www.lahunelle.be\/blog\/wp-json\/wp\/v2\/users\/2"}],"replies":[{"embeddable":true,"href":"https:\/\/www.lahunelle.be\/blog\/wp-json\/wp\/v2\/comments?post=99"}],"version-history":[{"count":34,"href":"https:\/\/www.lahunelle.be\/blog\/wp-json\/wp\/v2\/pages\/99\/revisions"}],"predecessor-version":[{"id":1461,"href":"https:\/\/www.lahunelle.be\/blog\/wp-json\/wp\/v2\/pages\/99\/revisions\/1461"}],"up":[{"embeddable":true,"href":"https:\/\/www.lahunelle.be\/blog\/wp-json\/wp\/v2\/pages\/64"}],"wp:attachment":[{"href":"https:\/\/www.lahunelle.be\/blog\/wp-json\/wp\/v2\/media?parent=99"}],"curies":[{"name":"wp","href":"https:\/\/api.w.org\/{rel}","templated":true}]}}